{"id":3,"date":"2022-02-06T14:20:51","date_gmt":"2022-02-06T14:20:51","guid":{"rendered":"http:\/\/gratereauxdelva.com\/?page_id=3"},"modified":"2022-02-19T10:17:53","modified_gmt":"2022-02-19T10:17:53","slug":"privacy-policy","status":"publish","type":"page","link":"https:\/\/gratereauxdelva.com\/pl\/polityka-prywatnosci\/","title":{"rendered":"Polityka prywatno\u015bci"},"content":{"rendered":"<p>Twoja prywatno\u015b\u0107 jest dla nas wa\u017cna. Zasad\u0105 Gratereaux Delva &amp; Asos jest poszanowanie Twojej prywatno\u015bci i przestrzeganie wszelkich obowi\u0105zuj\u0105cych przepis\u00f3w prawa i regulacji dotycz\u0105cych wszelkich danych osobowych, kt\u00f3re mo\u017cemy gromadzi\u0107 na Tw\u00f3j temat, w tym w ramach naszej witryny internetowej, <a href=\"https:\/\/gratereauxdelva.com\/pl\/\">https:\/\/gratereauxdelva.com<\/a>i inne witryny, kt\u00f3rych jeste\u015bmy w\u0142a\u015bcicielami i kt\u00f3rymi zarz\u0105dzamy.<\/p>\n\n\n\n<p>Dane osobowe to wszelkie informacje o Tobie, kt\u00f3re mog\u0105 zosta\u0107 wykorzystane do Twojej identyfikacji. Obejmuje to informacje o Tobie jako osobie (takie jak imi\u0119 i nazwisko, adres i data urodzenia), Twoje urz\u0105dzenia, szczeg\u00f3\u0142y p\u0142atno\u015bci, a nawet informacje o tym, w jaki spos\u00f3b korzystasz ze strony internetowej lub us\u0142ugi online.<\/p>\n\n\n\n<p>Je\u017celi nasza witryna zawiera \u0142\u0105cza do witryn i us\u0142ug stron trzecich, nale\u017cy pami\u0119ta\u0107, \u017ce te witryny i us\u0142ugi maj\u0105 w\u0142asne zasady ochrony prywatno\u015bci. Po klikni\u0119ciu \u0142\u0105cza do tre\u015bci stron trzecich nale\u017cy zapozna\u0107 si\u0119 z opublikowanymi przez nich informacjami dotycz\u0105cymi polityki prywatno\u015bci dotycz\u0105cymi sposobu gromadzenia i wykorzystywania danych osobowych. Niniejsza Polityka prywatno\u015bci nie ma zastosowania do \u017cadnej Twojej aktywno\u015bci po opuszczeniu naszej witryny.<\/p>\n\n\n\n<p>Niniejsza polityka obowi\u0105zuje od dnia 16 pa\u017adziernika 2021 r.<\/p>\n\n\n\n<p>Ostatnia aktualizacja: 20 lutego 2022 r<\/p>\n\n\n\n<h3 class=\"wp-block-heading\" id=\"information-we-collect\">Informacje, kt\u00f3re zbieramy<\/h3>\n\n\n\n<p>Informacje, kt\u00f3re zbieramy, mo\u017cna podzieli\u0107 na dwie kategorie: informacje \u201edobrowolnie dostarczone\u201d i informacje \u201ezbierane automatycznie\u201d.<\/p>\n\n\n\n<p>Informacje \u201edobrowolnie przekazane\u201d oznaczaj\u0105 wszelkie informacje, kt\u00f3re \u015bwiadomie i aktywnie przekazujesz nam podczas korzystania z naszych us\u0142ug i promocji lub uczestniczenia w nich.<\/p>\n\n\n\n<p>Informacje \u201ezbierane automatycznie\u201d oznaczaj\u0105 wszelkie informacje automatycznie wysy\u0142ane przez Twoje urz\u0105dzenia w trakcie uzyskiwania dost\u0119pu do naszych produkt\u00f3w i us\u0142ug.<\/p>\n\n\n\n<h4 class=\"wp-block-heading\" id=\"log-data\">Dane dziennika<\/h4>\n\n\n\n<p>Kiedy odwiedzasz nasz\u0105 stron\u0119, nasze serwery mog\u0105 automatycznie rejestrowa\u0107 standardowe dane dostarczane przez Twoj\u0105 przegl\u0105dark\u0119 internetow\u0105. Mo\u017ce obejmowa\u0107 adres protoko\u0142u internetowego (IP) Twojego urz\u0105dzenia, typ i wersj\u0119 przegl\u0105darki, odwiedzane strony, godzin\u0119 i dat\u0119 Twojej wizyty, czas sp\u0119dzony na ka\u017cdej stronie oraz inne szczeg\u00f3\u0142y dotycz\u0105ce Twojej wizyty.<\/p>\n\n\n\n<p>Dodatkowo, je\u017celi podczas korzystania z serwisu napotkasz okre\u015blone b\u0142\u0119dy, mo\u017cemy automatycznie zbiera\u0107 dane o b\u0142\u0119dzie i okoliczno\u015bciach jego wyst\u0105pienia. Dane te mog\u0105 obejmowa\u0107 szczeg\u00f3\u0142y techniczne dotycz\u0105ce Twojego urz\u0105dzenia, czynno\u015bci, kt\u00f3re pr\u00f3bowa\u0142e\u015b zrobi\u0107, gdy wyst\u0105pi\u0142 b\u0142\u0105d, oraz inne informacje techniczne zwi\u0105zane z problemem. Mo\u017cesz otrzyma\u0107 powiadomienie o takich b\u0142\u0119dach lub nie, nawet w momencie ich wyst\u0105pienia, w kt\u00f3rym wyst\u0105pi\u0142y lub jaki jest charakter b\u0142\u0119du.<\/p>\n\n\n\n<p>Nale\u017cy pami\u0119ta\u0107, \u017ce chocia\u017c informacje te mog\u0105 same w sobie nie umo\u017cliwia\u0107 identyfikacji osobistej, mo\u017ce istnie\u0107 mo\u017cliwo\u015b\u0107 po\u0142\u0105czenia ich z innymi danymi w celu osobistej identyfikacji poszczeg\u00f3lnych os\u00f3b.<\/p>\n\n\n\n<h4 class=\"wp-block-heading\" id=\"device-data\">Dane urz\u0105dzenia<\/h4>\n\n\n\n<p>Kiedy odwiedzasz nasz\u0105 stron\u0119 internetow\u0105 lub korzystasz z naszych us\u0142ug, mo\u017cemy automatycznie zbiera\u0107 dane o Twoim urz\u0105dzeniu, takie jak:<\/p>\n\n\n\n<ul class=\"wp-block-list\"><li>Rodzaj urz\u0105dzenia<\/li><li>System operacyjny<\/li><li>Unikalne identyfikatory urz\u0105dze\u0144<\/li><li>Ustawienia urz\u0105dzenia<\/li><li>Dane geolokalizacyjne<\/li><\/ul>\n\n\n\n<p>Dane, kt\u00f3re zbieramy, mog\u0105 zale\u017ce\u0107 od indywidualnych ustawie\u0144 Twojego urz\u0105dzenia i oprogramowania. Zalecamy sprawdzenie zasad producenta urz\u0105dzenia lub dostawcy oprogramowania, aby dowiedzie\u0107 si\u0119, jakie informacje nam udost\u0119pniaj\u0105.<\/p>\n\n\n\n<h4 class=\"wp-block-heading\" id=\"personal-information\">Informacje osobiste<\/h4>\n\n\n\n<p>Mo\u017cemy poprosi\u0107 o dane osobowe \u2014 na przyk\u0142ad, gdy przesy\u0142asz nam tre\u015bci lub gdy si\u0119 z nami kontaktujesz \u2014 i mog\u0105 one obejmowa\u0107 jeden lub wi\u0119cej z nast\u0119puj\u0105cych danych:<\/p>\n\n\n\n<ul class=\"wp-block-list\"><li>Nazwa<\/li><li>E-mail<\/li><li>Profile w mediach spo\u0142eczno\u015bciowych<\/li><li>Data urodzenia<\/li><li>Numer telefonu\/kom\u00f3rki<\/li><li>Adres domowy\/korespondencyjny<\/li><li>Narodowo\u015b\u0107<\/li><li>P\u0142e\u0107<\/li><\/ul>\n\n\n\n<h5 class=\"wp-block-heading\" id=\"sensitive-information\">Wra\u017cliwa informacja<\/h5>\n\n\n\n<p>\u201eInformacje wra\u017cliwe\u201d lub \u201especjalne kategorie danych\u201d to podzbi\u00f3r danych osobowych, kt\u00f3remu zapewnia si\u0119 wy\u017cszy poziom ochrony. Przyk\u0142ady informacji wra\u017cliwych obejmuj\u0105 informacje dotycz\u0105ce Twojego pochodzenia rasowego lub etnicznego, pogl\u0105d\u00f3w politycznych, religii, zwi\u0105zku zawodowego lub innych stowarzysze\u0144 zawodowych lub cz\u0142onkostwa, przekona\u0144 filozoficznych, orientacji seksualnej, praktyk seksualnych lub \u017cycia seksualnego, karalno\u015bci, informacji zdrowotnych lub danych biometrycznych.<\/p>\n\n\n\n<p>Rodzaje wra\u017cliwych informacji, kt\u00f3re mo\u017cemy gromadzi\u0107 na Tw\u00f3j temat, obejmuj\u0105:<\/p>\n\n\n\n<ul class=\"wp-block-list\"><li>Informacje o zdrowiu<\/li><\/ul>\n\n\n\n<p>Nie b\u0119dziemy zbiera\u0107 poufnych informacji o Tobie bez uprzedniego uzyskania Twojej zgody i b\u0119dziemy wykorzystywa\u0107 lub ujawnia\u0107 Twoje wra\u017cliwe dane wy\u0142\u0105cznie w zakresie dozwolonym, wymaganym lub autoryzowanym przez prawo.<\/p>\n\n\n\n<h4 class=\"wp-block-heading\" id=\"user-generated-content\">Tre\u015bci generowane przez u\u017cytkownik\u00f3w<\/h4>\n\n\n\n<p>Za \u201etre\u015bci generowane przez u\u017cytkownik\u00f3w\u201d uznajemy materia\u0142y (tekst, obrazy i\/lub tre\u015bci wideo) dobrowolnie dostarczone nam przez naszych u\u017cytkownik\u00f3w w celu publikacji na naszej stronie internetowej lub ponownej publikacji w naszych kana\u0142ach medi\u00f3w spo\u0142eczno\u015bciowych. Wszelkie tre\u015bci generowane przez u\u017cytkownik\u00f3w s\u0105 powi\u0105zane z kontem lub adresem e-mail u\u017cytym do przes\u0142ania materia\u0142\u00f3w.<\/p>\n\n\n\n<p>Nale\u017cy pami\u0119ta\u0107, \u017ce wszelkie tre\u015bci przes\u0142ane w celu publikacji b\u0119d\u0105 publiczne po opublikowaniu (i p\u00f3\u017aniejszym sprawdzeniu lub weryfikacji). Po opublikowaniu mo\u017ce by\u0107 dost\u0119pny dla os\u00f3b trzecich nieobj\u0119tych niniejsz\u0105 polityk\u0105 prywatno\u015bci.<\/p>\n\n\n\n<h4 class=\"wp-block-heading\" id=\"legitimate-reasons-for-processing-your-personal-information\">Uzasadnione powody przetwarzania Twoich danych osobowych<\/h4>\n\n\n\n<p>Gromadzimy i wykorzystujemy Twoje dane osobowe tylko wtedy, gdy mamy ku temu uzasadniony pow\u00f3d. W takim przypadku gromadzimy wy\u0142\u0105cznie dane osobowe, kt\u00f3re s\u0105 w uzasadniony spos\u00f3b niezb\u0119dne do \u015bwiadczenia Pa\u0144stwu naszych us\u0142ug.<\/p>\n\n\n\n<h4 class=\"wp-block-heading\" id=\"collection-and-use-of-information\">Gromadzenie i wykorzystywanie informacji<\/h4>\n\n\n\n<p>Mo\u017cemy zbiera\u0107 dane osobowe od Ciebie, gdy wykonasz dowoln\u0105 z poni\u017cszych czynno\u015bci na naszej stronie internetowej:<\/p>\n\n\n\n<ul class=\"wp-block-list\"><li>Zarejestruj konto<\/li><li>We\u017a udzia\u0142 w dowolnym z naszych konkurs\u00f3w, konkurs\u00f3w, loterii i ankiet<\/li><li>Zarejestruj si\u0119, aby otrzymywa\u0107 od nas aktualizacje za po\u015brednictwem poczty elektronicznej lub kana\u0142\u00f3w medi\u00f3w spo\u0142eczno\u015bciowych<\/li><li>Aby uzyska\u0107 dost\u0119p do naszych tre\u015bci, u\u017cyj urz\u0105dzenia mobilnego lub przegl\u0105darki internetowej<\/li><li>Skontaktuj si\u0119 z nami za po\u015brednictwem poczty elektronicznej, medi\u00f3w spo\u0142eczno\u015bciowych lub innych podobnych technologii<\/li><li>Kiedy wspominasz o nas w mediach spo\u0142eczno\u015bciowych<\/li><\/ul>\n\n\n\n<p>Mo\u017cemy gromadzi\u0107, przechowywa\u0107, wykorzystywa\u0107 i ujawnia\u0107 informacje w nast\u0119puj\u0105cych celach, a dane osobowe nie b\u0119d\u0105 dalej przetwarzane w spos\u00f3b niezgodny z tymi celami:<\/p>\n\n\n\n<ul class=\"wp-block-list\"><li>aby zapewni\u0107 Ci podstawowe funkcje i us\u0142ugi naszej platformy<\/li><li>aby umo\u017cliwi\u0107 Ci dostosowanie lub personalizacj\u0119 korzystania z naszej witryny internetowej<\/li><li>w celu dostarczania Pa\u0144stwu produkt\u00f3w i\/lub us\u0142ug<\/li><li>aby si\u0119 z Tob\u0105 skontaktowa\u0107 i komunikowa\u0107<\/li><li>w celach analitycznych, bada\u0144 rynku i rozwoju biznesu, w tym w celu obs\u0142ugi i ulepszania naszej strony internetowej, powi\u0105zanych aplikacji i powi\u0105zanych platform medi\u00f3w spo\u0142eczno\u015bciowych<\/li><li>w celach reklamowych i marketingowych, w tym w celu przesy\u0142ania Pa\u0144stwu informacji promocyjnych o naszych produktach i us\u0142ugach oraz informacji o podmiotach trzecich, kt\u00f3re naszym zdaniem mog\u0105 Pa\u0144stwa zainteresowa\u0107<\/li><li>rozpatrzy\u0107 Twoj\u0105 aplikacj\u0119 o prac\u0119<\/li><li>aby umo\u017cliwi\u0107 Ci dost\u0119p i korzystanie z naszej strony internetowej, powi\u0105zanych aplikacji i powi\u0105zanych platform medi\u00f3w spo\u0142eczno\u015bciowych<\/li><li>do cel\u00f3w wewn\u0119trznego prowadzenia dokumentacji i cel\u00f3w administracyjnych<\/li><li>do organizowania konkurs\u00f3w, loterii i\/lub oferowania dodatkowych korzy\u015bci<\/li><li>w celu wywi\u0105zania si\u0119 z naszych zobowi\u0105za\u0144 prawnych i rozstrzygni\u0119cia wszelkich spor\u00f3w, jakie mo\u017cemy mie\u0107<\/li><li>do przypisywania dowolnych tre\u015bci (np. post\u00f3w i komentarzy), kt\u00f3re przesy\u0142asz, a kt\u00f3re publikujemy na naszej stronie internetowej<\/li><li>w celu zapewnienia bezpiecze\u0144stwa i zapobiegania oszustwom oraz zapewnienia, \u017ce nasze witryny i aplikacje s\u0105 bezpieczne i wykorzystywane zgodnie z naszymi warunkami u\u017cytkowania<\/li><li>w celu oceny technicznej, w tym obs\u0142ugi i ulepszania naszej aplikacji, powi\u0105zanych aplikacji i powi\u0105zanych platform medi\u00f3w spo\u0142eczno\u015bciowych<\/li><\/ul>\n\n\n\n<p>Mo\u017cemy \u0142\u0105czy\u0107 dobrowolnie podane i automatycznie zebrane dane osobowe z informacjami og\u00f3lnymi lub danymi badawczymi, kt\u00f3re otrzymujemy z innych zaufanych \u017ar\u00f3de\u0142. Na przyk\u0142ad nasze dzia\u0142ania marketingowe i badania rynku mog\u0105 ujawni\u0107 dane i spostrze\u017cenia, kt\u00f3re mo\u017cemy po\u0142\u0105czy\u0107 z informacjami o tym, w jaki spos\u00f3b odwiedzaj\u0105cy korzystaj\u0105 z naszej witryny, aby ulepszy\u0107 nasz\u0105 witryn\u0119 i Twoje do\u015bwiadczenia z ni\u0105.<\/p>\n\n\n\n<h4 class=\"wp-block-heading\" id=\"security-of-your-personal-information\">Bezpiecze\u0144stwo Twoich danych osobowych<\/h4>\n\n\n\n<p>Kiedy zbieramy i przetwarzamy dane osobowe oraz przechowujemy je, b\u0119dziemy je chroni\u0107 w komercyjnie akceptowalnych \u015brodkach, aby zapobiec utracie i kradzie\u017cy, a tak\u017ce nieuprawnionemu dost\u0119powi, ujawnieniu, kopiowaniu, wykorzystaniu lub modyfikacji.<\/p>\n\n\n\n<p>Chocia\u017c do\u0142o\u017cymy wszelkich stara\u0144, aby chroni\u0107 dane osobowe, kt\u00f3re nam przekazujesz, zalecamy, aby \u017cadna metoda elektronicznej transmisji lub przechowywania nie by\u0142a bezpieczna i nikt nie m\u00f3g\u0142 zagwarantowa\u0107 ca\u0142kowitego bezpiecze\u0144stwa danych.<\/p>\n\n\n\n<p>Jeste\u015b odpowiedzialny za wyb\u00f3r dowolnego has\u0142a i jego og\u00f3lnej si\u0142y bezpiecze\u0144stwa, zapewniaj\u0105c bezpiecze\u0144stwo w\u0142asnych informacji w granicach naszych us\u0142ug. Na przyk\u0142ad zapewnienie, \u017ce wszelkie has\u0142a zwi\u0105zane z dost\u0119pem do Twoich danych osobowych i kont s\u0105 bezpieczne i poufne.<\/p>\n\n\n\n<h4 class=\"wp-block-heading\" id=\"how-long-we-keep-your-personal-information\">Jak d\u0142ugo przechowujemy Twoje dane osobowe<\/h4>\n\n\n\n<p>Przechowujemy Twoje dane osobowe tylko tak d\u0142ugo, jak jest to konieczne. Okres ten mo\u017ce zale\u017ce\u0107 od tego, do czego wykorzystujemy Twoje dane, zgodnie z niniejsz\u0105 polityk\u0105 prywatno\u015bci. Na przyk\u0142ad, je\u015bli przekaza\u0142e\u015b nam dane osobowe w ramach tworzenia konta u nas, mo\u017cemy przechowywa\u0107 te informacje przez czas istnienia Twojego konta w naszym systemie. Je\u015bli Twoje dane osobowe nie b\u0119d\u0105 ju\u017c potrzebne do tego celu, usuniemy je lub zanonimizujemy, usuwaj\u0105c wszystkie dane identyfikuj\u0105ce Ci\u0119.<\/p>\n\n\n\n<p>Je\u017celi jednak zajdzie taka potrzeba, mo\u017cemy zachowa\u0107 Twoje dane osobowe w celu wywi\u0105zania si\u0119 z obowi\u0105zku prawnego, ksi\u0119gowego lub sprawozdawczego, a tak\u017ce do cel\u00f3w archiwalnych w interesie publicznym, do cel\u00f3w bada\u0144 naukowych lub historycznych lub do cel\u00f3w statystycznych.<\/p>\n\n\n\n<h3 class=\"wp-block-heading\" id=\"children-s-privacy\">Prywatno\u015b\u0107 dzieci<\/h3>\n\n\n\n<p>Nie kierujemy \u017cadnych naszych produkt\u00f3w ani us\u0142ug bezpo\u015brednio do dzieci poni\u017cej 13 roku \u017cycia i nie gromadzimy \u015bwiadomie danych osobowych dzieci poni\u017cej 13 roku \u017cycia.<\/p>\n\n\n\n<h3 class=\"wp-block-heading\" id=\"disclosure-of-personal-information-to-third-parties\">Ujawnianie danych osobowych stronom trzecim<\/h3>\n\n\n\n<p>Mo\u017cemy ujawni\u0107 dane osobowe:<\/p>\n\n\n\n<ul class=\"wp-block-list\"><li>podmiotem dominuj\u0105cym, sp\u00f3\u0142k\u0105 zale\u017cn\u0105 lub stowarzyszon\u0105 z nasz\u0105 firm\u0105<\/li><li>zewn\u0119trzni dostawcy us\u0142ug w celu umo\u017cliwienia im \u015bwiadczenia us\u0142ug, w tym (bez ogranicze\u0144) dostawcy us\u0142ug IT, dostawcy przechowywania danych, dostawcy hostingu i serwer\u00f3w, dostawcy us\u0142ug analitycznych, rejestrator\u00f3w b\u0142\u0119d\u00f3w, windykatorzy, dostawcy us\u0142ug utrzymania lub rozwi\u0105zywania problem\u00f3w, dostawcy marketingu , profesjonalnych doradc\u00f3w i operator\u00f3w system\u00f3w p\u0142atno\u015bci<\/li><li>nasi pracownicy, kontrahenci i\/lub podmioty powi\u0105zane<\/li><li>nasi obecni lub potencjalni agenci lub partnerzy biznesowi<\/li><li>sponsorzy lub promotorzy wszelkich konkurs\u00f3w, loterii lub promocji, kt\u00f3re prowadzimy<\/li><li>agencjom sporz\u0105dzaj\u0105cym raporty kredytowe, s\u0105dom, trybuna\u0142om i organom regulacyjnym, w przypadku, gdy nie zap\u0142acisz za towary lub us\u0142ugi, kt\u00f3re Ci dostarczyli\u015bmy<\/li><li>s\u0105dom, trybuna\u0142om, organom regulacyjnym i funkcjonariuszom organ\u00f3w \u015bcigania, zgodnie z wymogami prawa, w zwi\u0105zku z jakimkolwiek faktycznym lub przysz\u0142ym post\u0119powaniem s\u0105dowym lub w celu ustalenia, wykonania lub obrony naszych praw<\/li><li>stronom trzecim, w tym agentom lub podwykonawcom, kt\u00f3rzy pomagaj\u0105 nam w dostarczaniu Pa\u0144stwu informacji, produkt\u00f3w, us\u0142ug lub marketingu bezpo\u015bredniego<\/li><li>stronom trzecim do gromadzenia i przetwarzania danych<\/li><li>podmiot, kt\u00f3ry kupuje lub kt\u00f3remu przekazujemy wszystkie lub zasadniczo wszystkie nasze aktywa i dzia\u0142alno\u015b\u0107<\/li><\/ul>\n\n\n\n<p>Strony trzecie, z kt\u00f3rych obecnie korzystamy, obejmuj\u0105:<\/p>\n\n\n\n<ul class=\"wp-block-list\"><li>Google Analytics<\/li><li>Piksel Facebooka<\/li><li>MailChimp<\/li><li>Mailerlite<\/li><\/ul>\n\n\n\n<h3 class=\"wp-block-heading\" id=\"international-transfers-of-personal-information\">Mi\u0119dzynarodowe przekazywanie danych osobowych<\/h3>\n\n\n\n<p>Gromadzone przez nas dane osobowe s\u0105 przechowywane i\/lub przetwarzane na Dominice, we Francji, Szwajcarii i Stanach Zjednoczonych lub tam, gdzie my lub nasi partnerzy, podmioty stowarzyszone i dostawcy zewn\u0119trzni utrzymuj\u0105 obiekty.<\/p>\n\n\n\n<p>W krajach, do kt\u00f3rych przechowujemy, przetwarzamy lub przekazujemy Twoje dane osobowe, mog\u0105 nie obowi\u0105zywa\u0107 takie same przepisy dotycz\u0105ce ochrony danych jak kraj, w kt\u00f3rym pierwotnie przekaza\u0142e\u015b te informacje. Je\u017celi przekazujemy Twoje dane osobowe podmiotom trzecim w innych krajach: (i) b\u0119dziemy dokonywa\u0107 tych przekaza\u0144 zgodnie z wymogami obowi\u0105zuj\u0105cego prawa; oraz (ii) b\u0119dziemy chroni\u0107 przekazane dane osobowe zgodnie z niniejsz\u0105 polityk\u0105 prywatno\u015bci.<\/p>\n\n\n\n<h3 class=\"wp-block-heading\" id=\"your-rights-and-controlling-your-personal-information\">Twoje prawa i kontrola Twoich danych osobowych<\/h3>\n\n\n\n<p><strong>Tw\u00f3j wyb\u00f3r:<\/strong> Podaj\u0105c nam dane osobowe, rozumiesz, \u017ce b\u0119dziemy gromadzi\u0107, przechowywa\u0107, wykorzystywa\u0107 i ujawnia\u0107 Twoje dane osobowe zgodnie z niniejsz\u0105 polityk\u0105 prywatno\u015bci. Nie musisz podawa\u0107 nam danych osobowych, je\u015bli jednak tego nie zrobisz, mo\u017ce to mie\u0107 wp\u0142yw na korzystanie z naszej witryny internetowej lub produkt\u00f3w i\/lub us\u0142ug oferowanych na niej lub za jej po\u015brednictwem.<\/p>\n\n\n\n<p><strong>Informacje od stron trzecich:<\/strong> Je\u015bli otrzymamy Twoje dane osobowe od strony trzeciej, b\u0119dziemy je chroni\u0107 zgodnie z postanowieniami niniejszej polityki prywatno\u015bci. Je\u015bli jeste\u015b osob\u0105 trzeci\u0105 przekazuj\u0105c\u0105 dane osobowe innej osoby, o\u015bwiadczasz i gwarantujesz, \u017ce masz zgod\u0119 tej osoby na przekazanie nam danych osobowych.<\/p>\n\n\n\n<p><strong>Zezwolenie marketingowe:<\/strong> Je\u015bli wcze\u015bniej wyrazi\u0142e\u015b zgod\u0119 na wykorzystanie przez nas Twoich danych osobowych do cel\u00f3w marketingu bezpo\u015bredniego, mo\u017cesz w ka\u017cdej chwili zmieni\u0107 zdanie, kontaktuj\u0105c si\u0119 z nami, korzystaj\u0105c z poni\u017cszych danych.<\/p>\n\n\n\n<p><strong>Dost\u0119p:<\/strong> Mo\u017cesz poprosi\u0107 o szczeg\u00f3\u0142owe informacje na temat danych osobowych, kt\u00f3re posiadamy na Tw\u00f3j temat.<\/p>\n\n\n\n<p><strong>Korekta:<\/strong> Je\u015bli uwa\u017casz, \u017ce jakiekolwiek informacje, kt\u00f3re o Tobie posiadamy, s\u0105 niedok\u0142adne, nieaktualne, niekompletne, nieistotne lub wprowadzaj\u0105ce w b\u0142\u0105d, skontaktuj si\u0119 z nami, korzystaj\u0105c z danych podanych w niniejszej polityce prywatno\u015bci. Podejmiemy uzasadnione kroki w celu skorygowania wszelkich informacji, kt\u00f3re uznamy za niedok\u0142adne, niekompletne, wprowadzaj\u0105ce w b\u0142\u0105d lub nieaktualne.<\/p>\n\n\n\n<p><strong>Niedyskryminacja:<\/strong> Nie b\u0119dziemy Ci\u0119 dyskryminowa\u0107 za korzystanie z jakichkolwiek praw do Twoich danych osobowych. O ile Twoje dane osobowe nie s\u0105 wymagane do \u015bwiadczenia okre\u015blonej us\u0142ugi lub oferty (na przyk\u0142ad zapewniania wsparcia dla u\u017cytkownika), nie odm\u00f3wimy Ci dostarczenia towar\u00f3w lub us\u0142ug i\/lub nie obci\u0105\u017cymy Ci\u0119 innymi cenami lub stawkami za towary lub us\u0142ugi, w tym poprzez udzielanie rabat\u00f3w lub innych korzy\u015bci lub na\u0142o\u017cenia kar, b\u0105d\u017a zapewnienia Pa\u0144stwu innego poziomu lub jako\u015bci towar\u00f3w lub us\u0142ug.<\/p>\n\n\n\n<p><strong>Pobieranie danych osobowych:<\/strong> Zapewniamy mo\u017cliwo\u015b\u0107 pobrania danych osobowych udost\u0119pnionych za po\u015brednictwem naszej witryny. Skontaktuj si\u0119 z nami, aby uzyska\u0107 wi\u0119cej informacji.<\/p>\n\n\n\n<p><strong>Powiadomienia o naruszeniach danych:<\/strong> B\u0119dziemy przestrzega\u0107 obowi\u0105zuj\u0105cych nas przepis\u00f3w w zwi\u0105zku z jakimkolwiek naruszeniem danych.<\/p>\n\n\n\n<p><strong>Uskar\u017canie si\u0119:<\/strong> Je\u015bli uwa\u017casz, \u017ce naruszyli\u015bmy odpowiednie przepisy dotycz\u0105ce ochrony danych i chcesz z\u0142o\u017cy\u0107 skarg\u0119, skontaktuj si\u0119 z nami, korzystaj\u0105c z poni\u017cszych danych i podaj nam szczeg\u00f3\u0142owe informacje na temat domniemanego naruszenia. Niezw\u0142ocznie rozpatrzymy Twoj\u0105 skarg\u0119 i odpowiemy Ci na pi\u015bmie, przedstawiaj\u0105c wynik naszego dochodzenia i kroki, jakie podejmiemy w celu rozpatrzenia Twojej skargi. Masz r\u00f3wnie\u017c prawo skontaktowa\u0107 si\u0119 z organem regulacyjnym lub organem odpowiedzialnym za ochron\u0119 danych w zwi\u0105zku ze swoj\u0105 skarg\u0105.<\/p>\n\n\n\n<p><strong>Anuluj subskrypcj\u0119:<\/strong> Aby wypisa\u0107 si\u0119 z naszej bazy danych e-mail lub zrezygnowa\u0107 z komunikacji (w tym komunikacji marketingowej), skontaktuj si\u0119 z nami, korzystaj\u0105c z danych podanych w niniejszej polityce prywatno\u015bci, lub zrezygnuj, korzystaj\u0105c z mo\u017cliwo\u015bci rezygnacji przewidzianych w komunikacie. By\u0107 mo\u017ce b\u0119dziemy musieli poprosi\u0107 Ci\u0119 o podanie konkretnych informacji, kt\u00f3re pomog\u0105 nam potwierdzi\u0107 Twoj\u0105 to\u017csamo\u015b\u0107.<\/p>\n\n\n\n<h3 class=\"wp-block-heading\" id=\"use-of-cookies\">Korzystanie z plik\u00f3w cookie<\/h3>\n\n\n\n<p>U\u017cywamy plik\u00f3w \u201ecookie\u201d do gromadzenia informacji o Tobie i Twojej aktywno\u015bci w naszej witrynie. Plik cookie to niewielki fragment danych, kt\u00f3ry nasza witryna internetowa przechowuje na Twoim komputerze i do kt\u00f3rego uzyskuje dost\u0119p przy ka\u017cdej wizycie, aby\u015bmy mogli zrozumie\u0107, w jaki spos\u00f3b korzystasz z naszej witryny. Dzi\u0119ki temu mo\u017cemy dostarcza\u0107 Ci tre\u015bci w oparciu o okre\u015blone przez Ciebie preferencje.<\/p>\n\n\n\n<p>Aby uzyska\u0107 wi\u0119cej informacji, zapoznaj si\u0119 z nasz\u0105 Polityk\u0105 dotycz\u0105c\u0105 plik\u00f3w cookie.<\/p>\n\n\n\n<h3 class=\"wp-block-heading\" id=\"business-transfers\">Transfery biznesowe<\/h3>\n\n\n\n<p>Je\u015bli my lub nasze aktywa zostan\u0105 przej\u0119te lub w ma\u0142o prawdopodobnym przypadku, gdy zako\u0144czymy dzia\u0142alno\u015b\u0107 lub og\u0142osimy upad\u0142o\u015b\u0107, umie\u015bcimy dane, w tym dane osobowe, w\u015br\u00f3d aktyw\u00f3w przekazanych stronom, kt\u00f3re nas nab\u0119d\u0105. Przyjmujesz do wiadomo\u015bci, \u017ce takie transfery mog\u0105 mie\u0107 miejsce i \u017ce wszelkie strony, kt\u00f3re nas przejm\u0105, mog\u0105, w zakresie dozwolonym przez obowi\u0105zuj\u0105ce prawo, nadal wykorzystywa\u0107 Twoje dane osobowe zgodnie z niniejsz\u0105 polityk\u0105, kt\u00f3r\u0105 b\u0119d\u0105 zobowi\u0105zane przyj\u0105\u0107 jako podstaw\u0119 wszelkich prawa w\u0142asno\u015bci lub u\u017cytkowania, jakie przys\u0142uguj\u0105 nam w stosunku do takich informacji.<\/p>\n\n\n\n<h3 class=\"wp-block-heading\" id=\"limits-of-our-policy\">Ograniczenia naszej polityki<\/h3>\n\n\n\n<p>Nasza witryna internetowa mo\u017ce zawiera\u0107 \u0142\u0105cza do witryn zewn\u0119trznych, kt\u00f3re nie s\u0105 przez nas obs\u0142ugiwane. Nale\u017cy pami\u0119ta\u0107, \u017ce nie mamy kontroli nad tre\u015bci\u0105 i polityk\u0105 tych witryn i nie mo\u017cemy przyj\u0105\u0107 odpowiedzialno\u015bci ani odpowiedzialno\u015bci za stosowane w nich praktyki dotycz\u0105ce prywatno\u015bci.<\/p>\n\n\n\n<h3 class=\"wp-block-heading\" id=\"changes-to-this-policy\">Zmiany w niniejszej Polityce<\/h3>\n\n\n\n<p>Wed\u0142ug naszego uznania mo\u017cemy zmieni\u0107 nasz\u0105 polityk\u0119 prywatno\u015bci, aby odzwierciedli\u0107 aktualizacje naszych proces\u00f3w biznesowych, aktualne akceptowalne praktyki lub zmiany legislacyjne lub regulacyjne. Je\u015bli zdecydujemy si\u0119 zmieni\u0107 niniejsz\u0105 polityk\u0119 prywatno\u015bci, opublikujemy zmiany tutaj pod tym samym linkiem, za pomoc\u0105 kt\u00f3rego uzyskujesz dost\u0119p do tej polityki prywatno\u015bci.<\/p>\n\n\n\n<p>Je\u015bli zmiany b\u0119d\u0105 istotne lub je\u015bli b\u0119dzie to wymagane przez obowi\u0105zuj\u0105ce prawo, skontaktujemy si\u0119 z Tob\u0105 (w oparciu o wybrane przez Ciebie preferencje dotycz\u0105ce komunikacji od nas) i wszystkimi naszymi zarejestrowanymi u\u017cytkownikami, aby przekaza\u0107 nowe dane i linki do zaktualizowanej lub zmienionej polityki.<\/p>\n\n\n\n<p>Je\u017celi jest to wymagane przez prawo, uzyskamy Twoj\u0105 zgod\u0119 lub umo\u017cliwimy Ci wyra\u017cenie zgody lub zrezygnowanie, stosownie do przypadku, z wszelkich nowych sposob\u00f3w wykorzystania Twoich danych osobowych.<\/p>\n\n\n\n<h3 class=\"wp-block-heading\" id=\"additional-disclosures-for-general-data-protection-regulation-gdpr-compliance-eu\">Dodatkowe informacje dotycz\u0105ce zgodno\u015bci z og\u00f3lnym rozporz\u0105dzeniem o ochronie danych (RODO) (UE)<\/h3>\n\n\n\n<h4 class=\"wp-block-heading\" id=\"data-controller-data-processor\">Administrator danych\/Przetwarzaj\u0105cy dane<\/h4>\n\n\n\n<p>RODO rozr\u00f3\u017cnia organizacje, kt\u00f3re przetwarzaj\u0105 dane osobowe do w\u0142asnych cel\u00f3w (zwane \u201eadministratorami danych\u201d) i organizacje, kt\u00f3re przetwarzaj\u0105 dane osobowe w imieniu innych organizacji (znane jako \u201epodmioty przetwarzaj\u0105ce dane\u201d). My, Gratereaux Delva &amp; Asos, zlokalizowana pod adresem podanym w naszej sekcji \u201eKontakt\u201d, jeste\u015bmy administratorem i\/lub podmiotem przetwarzaj\u0105cym dane osobowe, kt\u00f3re nam przekazujesz.<\/p>\n\n\n\n<h4 class=\"wp-block-heading\" id=\"legal-bases-for-processing-your-personal-information\">Podstawy prawne przetwarzania Twoich danych osobowych<\/h4>\n\n\n\n<p>B\u0119dziemy gromadzi\u0107 i wykorzystywa\u0107 Twoje dane osobowe tylko wtedy, gdy b\u0119dziemy mieli do tego prawo. W takim przypadku b\u0119dziemy gromadzi\u0107 i wykorzystywa\u0107 Twoje dane osobowe zgodnie z prawem, uczciwie i przejrzy\u015bcie. Je\u015bli poprosimy Ci\u0119 o zgod\u0119 na przetwarzanie Twoich danych osobowych, a masz mniej ni\u017c 16 lat, poprosimy Twojego rodzica lub opiekuna prawnego o zgod\u0119 na przetwarzanie Twoich danych osobowych w tym konkretnym celu.<\/p>\n\n\n\n<p>Nasze podstawy prawne zale\u017c\u0105 od us\u0142ug, z kt\u00f3rych korzystasz i sposobu, w jaki z nich korzystasz. Oznacza to, \u017ce zbieramy i wykorzystujemy Twoje dane wy\u0142\u0105cznie z nast\u0119puj\u0105cych powod\u00f3w:<\/p>\n\n\n\n<h5 class=\"wp-block-heading\" id=\"consent-from-you\">Zgoda od Ciebie<\/h5>\n\n\n\n<p>Je\u015bli wyra\u017casz zgod\u0119 na gromadzenie i wykorzystywanie Twoich danych osobowych w okre\u015blonym celu. Mo\u017cesz wycofa\u0107 swoj\u0105 zgod\u0119 w dowolnym momencie, korzystaj\u0105c z udost\u0119pnionych przez nas udogodnie\u0144; nie b\u0119dzie to mia\u0142o jednak wp\u0142ywu na jakiekolwiek wykorzystanie Twoich informacji, kt\u00f3re ju\u017c mia\u0142o miejsce. Mo\u017cesz wyrazi\u0107 zgod\u0119 na podanie swojego imienia i nazwiska oraz danych kontaktowych w celu wzi\u0119cia udzia\u0142u w rozdaniu lub promocji. Mo\u017cesz wycofa\u0107 swoje zg\u0142oszenie w dowolnym momencie, nie b\u0119dzie to mia\u0142o wp\u0142ywu na dokonan\u0105 ju\u017c selekcj\u0119 lub ocen\u0119. Je\u015bli masz dalsze pytania dotycz\u0105ce sposobu wycofania swojej zgody, mo\u017cesz je zada\u0107, korzystaj\u0105c z danych podanych w sekcji \u201eKontakt\u201d niniejszej polityki prywatno\u015bci.<\/p>\n\n\n\n<h5 class=\"wp-block-heading\" id=\"performance-of-a-contract-or-transaction\">Wykonanie umowy lub transakcji<\/h5>\n\n\n\n<p>Je\u017celi zawar\u0142e\u015b z nami umow\u0119 lub transakcj\u0119, lub w celu podj\u0119cia krok\u00f3w przygotowawczych przed zawarciem przez nas umowy lub transakcji z Tob\u0105. Na przyk\u0142ad, je\u015bli skontaktujesz si\u0119 z nami w sprawie zapytania, w celu udzielenia odpowiedzi mo\u017cemy potrzebowa\u0107 danych osobowych, takich jak imi\u0119 i nazwisko oraz dane kontaktowe.<\/p>\n\n\n\n<h5 class=\"wp-block-heading\" id=\"our-legitimate-interests\">Nasze uzasadnione interesy<\/h5>\n\n\n\n<p>Je\u017celi uznamy, \u017ce jest to konieczne ze wzgl\u0119du na nasze uzasadnione interesy, np. \u015bwiadczenie, obs\u0142ug\u0119, ulepszanie i komunikowanie naszych us\u0142ug. Uwa\u017camy, \u017ce nasze uzasadnione interesy obejmuj\u0105 badania i rozw\u00f3j, zrozumienie naszych odbiorc\u00f3w, marketing i promocj\u0119 naszych us\u0142ug, \u015brodki podj\u0119te w celu wydajnego \u015bwiadczenia naszych us\u0142ug, analiz\u0119 marketingow\u0105 oraz \u015brodki podj\u0119te w celu ochrony naszych praw i interes\u00f3w.<\/p>\n\n\n\n<h5 class=\"wp-block-heading\" id=\"compliance-with-law\">Zgodno\u015b\u0107 z prawem<\/h5>\n\n\n\n<p>W niekt\u00f3rych przypadkach mo\u017cemy mie\u0107 prawny obowi\u0105zek wykorzystania lub przechowywania Twoich danych osobowych. Takie przypadki mog\u0105 obejmowa\u0107 (ale nie wy\u0142\u0105cznie) nakazy s\u0105dowe, dochodzenia karne, wnioski rz\u0105dowe i obowi\u0105zki regulacyjne. Je\u015bli masz dalsze pytania dotycz\u0105ce sposobu, w jaki przechowujemy dane osobowe w celu zapewnienia zgodno\u015bci z prawem, nie wahaj si\u0119 zada\u0107 pytania, korzystaj\u0105c z danych podanych w sekcji \u201eKontakt\u201d niniejszej polityki prywatno\u015bci.<\/p>\n\n\n\n<h4 class=\"wp-block-heading\" id=\"international-transfers-outside-of-the-european-economic-area-eea\">Przelewy mi\u0119dzynarodowe poza Europejskim Obszarem Gospodarczym (EOG)<\/h4>\n\n\n\n<p>Zapewnimy, \u017ce wszelki transfer danych osobowych z kraj\u00f3w Europejskiego Obszaru Gospodarczego (EOG) do kraj\u00f3w spoza EOG b\u0119dzie chroniony odpowiednimi zabezpieczeniami, na przyk\u0142ad poprzez stosowanie standardowych klauzul ochrony danych zatwierdzonych przez Komisj\u0119 Europejsk\u0105 lub stosowanie wi\u0105\u017c\u0105cych regu\u0142 korporacyjnych lub innych prawnie przyj\u0119tych \u015brodk\u00f3w.<\/p>\n\n\n\n<h4 class=\"wp-block-heading\" id=\"your-rights-and-controlling-your-personal-information\">Twoje prawa i kontrola Twoich danych osobowych<\/h4>\n\n\n\n<p><strong>Ogranicza\u0107:<\/strong> Masz prawo za\u017c\u0105da\u0107, aby\u015bmy ograniczyli przetwarzanie Twoich danych osobowych, je\u015bli (i) masz w\u0105tpliwo\u015bci co do prawid\u0142owo\u015bci Twoich danych osobowych; (ii) uwa\u017casz, \u017ce Twoje dane osobowe zosta\u0142y przetworzone niezgodnie z prawem; (iii) potrzebujesz, aby\u015bmy przechowywali dane osobowe wy\u0142\u0105cznie w celu dochodzenia roszcze\u0144 prawnych; lub (iv) jeste\u015bmy w trakcie rozpatrywania Twojego sprzeciwu w zwi\u0105zku z przetwarzaniem na podstawie prawnie uzasadnionych interes\u00f3w.<\/p>\n\n\n\n<p><strong>Sprzeciw wobec przetwarzania:<\/strong> Masz prawo wnie\u015b\u0107 sprzeciw wobec przetwarzania Twoich danych osobowych, kt\u00f3re odbywa si\u0119 na podstawie naszych prawnie uzasadnionych interes\u00f3w lub interesu publicznego. Je\u017celi tak si\u0119 stanie, musimy poda\u0107 wa\u017cne uzasadnione podstawy przetwarzania, nadrz\u0119dne wobec Twoich interes\u00f3w, praw i wolno\u015bci, aby m\u00f3c kontynuowa\u0107 przetwarzanie Twoich danych osobowych.<\/p>\n\n\n\n<p><strong>Przeno\u015bno\u015b\u0107 danych:<\/strong> Mo\u017cesz mie\u0107 prawo za\u017c\u0105da\u0107 kopii danych osobowych, kt\u00f3re o Tobie posiadamy. Je\u015bli to mo\u017cliwe, udost\u0119pnimy te informacje w formacie CSV lub innym \u0142atwym do odczytania formacie maszynowym. Mo\u017cesz mie\u0107 r\u00f3wnie\u017c prawo za\u017c\u0105da\u0107, aby\u015bmy przekazali te dane osobowe stronie trzeciej.<\/p>\n\n\n\n<p><strong>Usuni\u0119cie:<\/strong> Mo\u017cesz mie\u0107 prawo w dowolnym momencie za\u017c\u0105da\u0107, aby\u015bmy usun\u0119li Twoje dane osobowe, kt\u00f3re posiadamy, a my podejmiemy uzasadnione kroki, aby usun\u0105\u0107 Twoje dane osobowe z naszych bie\u017c\u0105cych rejestr\u00f3w. Je\u015bli poprosisz nas o usuni\u0119cie Twoich danych osobowych, poinformujemy Ci\u0119, jak usuni\u0119cie wp\u0142ywa na korzystanie z naszej witryny internetowej lub produkt\u00f3w i us\u0142ug. Mog\u0105 istnie\u0107 wyj\u0105tki od tego prawa z okre\u015blonych powod\u00f3w prawnych, kt\u00f3re, je\u015bli ma to zastosowanie, okre\u015blimy dla Ciebie w odpowiedzi na Twoj\u0105 pro\u015bb\u0119. Je\u015bli zamkniesz lub usuniesz swoje konto, usuniemy Twoje dane osobowe w ci\u0105gu 30 dni od usuni\u0119cia konta. Nale\u017cy pami\u0119ta\u0107, \u017ce wyszukiwarki i podobne strony trzecie mog\u0105 nadal przechowywa\u0107 kopie Twoich danych osobowych, kt\u00f3re przynajmniej raz zosta\u0142y upublicznione, takie jak niekt\u00f3re informacje profilowe i publiczne komentarze, nawet po usuni\u0119ciu informacji z naszych us\u0142ug lub dezaktywacji konta.<\/p>\n\n\n\n<h3 class=\"wp-block-heading\" id=\"contact-us\">Skontaktuj si\u0119 z nami<\/h3>\n\n\n\n<p>W przypadku jakichkolwiek pyta\u0144 lub w\u0105tpliwo\u015bci dotycz\u0105cych Twojej prywatno\u015bci mo\u017cesz skontaktowa\u0107 si\u0119 z nami, korzystaj\u0105c z nast\u0119puj\u0105cych danych:<\/p>\n\n\n\n<p>\u201ebiuro \u201e@\u201d gratereauxdelva.com\u201d<\/p>","protected":false},"excerpt":{"rendered":"<p>Your privacy is important to us. It is Gratereaux Delva &amp; Asos\u2019s policy to respect your privacy and comply with any applicable law and regulation regarding any personal information we may collect about you, including across our website, https:\/\/gratereauxdelva.com, and other sites we own and operate. Personal information is any information about you which can&hellip;<\/p>","protected":false},"author":1,"featured_media":0,"parent":0,"menu_order":0,"comment_status":"closed","ping_status":"open","template":"","meta":{"footnotes":""},"class_list":["post-3","page","type-page","status-publish","hentry","description-off"],"aioseo_notices":[],"_links":{"self":[{"href":"https:\/\/gratereauxdelva.com\/pl\/wp-json\/wp\/v2\/pages\/3","targetHints":{"allow":["GET"]}}],"collection":[{"href":"https:\/\/gratereauxdelva.com\/pl\/wp-json\/wp\/v2\/pages"}],"about":[{"href":"https:\/\/gratereauxdelva.com\/pl\/wp-json\/wp\/v2\/types\/page"}],"author":[{"embeddable":true,"href":"https:\/\/gratereauxdelva.com\/pl\/wp-json\/wp\/v2\/users\/1"}],"replies":[{"embeddable":true,"href":"https:\/\/gratereauxdelva.com\/pl\/wp-json\/wp\/v2\/comments?post=3"}],"version-history":[{"count":2,"href":"https:\/\/gratereauxdelva.com\/pl\/wp-json\/wp\/v2\/pages\/3\/revisions"}],"predecessor-version":[{"id":1641,"href":"https:\/\/gratereauxdelva.com\/pl\/wp-json\/wp\/v2\/pages\/3\/revisions\/1641"}],"wp:attachment":[{"href":"https:\/\/gratereauxdelva.com\/pl\/wp-json\/wp\/v2\/media?parent=3"}],"curies":[{"name":"wp","href":"https:\/\/api.w.org\/{rel}","templated":true}]}}